{"id":3501,"date":"2020-07-10T02:12:06","date_gmt":"2020-07-10T02:12:06","guid":{"rendered":"https:\/\/xn--ensearlapatagonia-ixb.com.ar\/blog\/?page_id=3501"},"modified":"2025-10-11T21:14:35","modified_gmt":"2025-10-12T00:14:35","slug":"blog","status":"publish","type":"page","link":"https:\/\/xn--ensearlapatagonia-ixb.com.ar\/sitio\/blog\/","title":{"rendered":"Material para docentes"},"content":{"rendered":"\t\t<div data-elementor-type=\"wp-page\" data-elementor-id=\"3501\" class=\"elementor elementor-3501\" data-elementor-post-type=\"page\">\n\t\t\t\t<div class=\"elementor-element elementor-element-0604a81 e-flex e-con-boxed elementor-invisible e-con e-parent\" data-id=\"0604a81\" data-element_type=\"container\" data-settings=\"{&quot;background_background&quot;:&quot;classic&quot;,&quot;animation&quot;:&quot;fadeIn&quot;}\">\n\t\t\t\t\t<div class=\"e-con-inner\">\n\t\t<div class=\"elementor-element elementor-element-935983e e-con-full e-flex e-con e-child\" data-id=\"935983e\" data-element_type=\"container\" data-settings=\"{&quot;background_background&quot;:&quot;classic&quot;}\">\n\t\t<div class=\"elementor-element elementor-element-01f13d2 e-con-full e-flex e-con e-child\" data-id=\"01f13d2\" data-element_type=\"container\" data-settings=\"{&quot;background_background&quot;:&quot;classic&quot;}\">\n\t\t\t\t<div class=\"elementor-element elementor-element-deed029 elementor-widget-divider--view-line_text elementor-widget-divider--element-align-left elementor-widget elementor-widget-divider\" data-id=\"deed029\" data-element_type=\"widget\" data-widget_type=\"divider.default\">\n\t\t\t\t\t\t\t<div class=\"elementor-divider\">\n\t\t\t<span class=\"elementor-divider-separator\">\n\t\t\t\t\t\t\t<div class=\"elementor-divider__text elementor-divider__element\">\n\t\t\t\tMateriales para docentes<\/span><span style=\"background-color: rgb(235, 235, 235);\"><\/span>\t\t\t\t<\/div>\n\t\t\t\t\t\t<\/span>\n\t\t<\/div>\n\t\t\t\t\t\t<\/div>\n\t\t\t\t<div class=\"elementor-element elementor-element-57fcdb1 elementor-widget__width-initial elementor-widget elementor-widget-text-editor\" data-id=\"57fcdb1\" data-element_type=\"widget\" data-widget_type=\"text-editor.default\">\n\t\t\t\t\t\t\t\t\t<p>Te ofrecemos, adem\u00e1s, una enorme cantidad de materiales que ayudan a reflexionar sobre nuestra realidad, a repensarla y a repensarnos.<\/p>\t\t\t\t\t\t\t\t<\/div>\n\t\t\t\t<\/div>\n\t\t\t\t<div class=\"elementor-element elementor-element-31bcbd7 elementor-widget elementor-widget-taxonomy-filter\" data-id=\"31bcbd7\" data-element_type=\"widget\" data-settings=\"{&quot;selected_element&quot;:&quot;1e0bb23&quot;,&quot;taxonomy&quot;:&quot;category&quot;,&quot;item_alignment_horizontal&quot;:&quot;center&quot;,&quot;sticky&quot;:&quot;top&quot;,&quot;sticky_parent&quot;:&quot;yes&quot;,&quot;sticky_on&quot;:[&quot;desktop&quot;,&quot;tablet&quot;],&quot;horizontal_scroll&quot;:&quot;disable&quot;,&quot;sticky_offset&quot;:0,&quot;sticky_effects_offset&quot;:0,&quot;sticky_anchor_link_offset&quot;:0}\" data-widget_type=\"taxonomy-filter.default\">\n\t\t\t\t\t\t\t<search class=\"e-filter\" role=\"search\" data-base-url=\"https:\/\/xn--ensearlapatagonia-ixb.com.ar\/sitio\/\" data-page-num=\"1\">\n\t\t\t\t\t\t\t<button class=\"e-filter-item\" data-filter=\"articulos-periodisticos-para-trabajar-en-el-aula\" aria-pressed=\"false\">Art\u00edculos period\u00edsticos para trabajar en el aula<\/button>\n\t\t\t\t\t\t\t<button class=\"e-filter-item\" data-filter=\"bibliografia-ciencias-sociales\" aria-pressed=\"false\">Bibliograf\u00eda ciencias sociales<\/button>\n\t\t\t\t\t\t\t<button class=\"e-filter-item\" data-filter=\"bibliografia\" aria-pressed=\"false\">Bibliograf\u00eda did\u00e1ctica<\/button>\n\t\t\t\t\t\t\t<button class=\"e-filter-item\" data-filter=\"de-interes-general\" aria-pressed=\"false\">De inter\u00e9s general<\/button>\n\t\t\t\t\t\t\t<button class=\"e-filter-item\" data-filter=\"formacion-docente\" aria-pressed=\"false\">Formaci\u00f3n docente<\/button>\n\t\t\t\t\t\t\t<button class=\"e-filter-item\" data-filter=\"juegos\" aria-pressed=\"false\">Juegos<\/button>\n\t\t\t\t\t\t\t<button class=\"e-filter-item\" data-filter=\"mapas\" aria-pressed=\"false\">Mapas<\/button>\n\t\t\t\t\t\t\t<button class=\"e-filter-item\" data-filter=\"nuestros-aportes\" aria-pressed=\"false\">Nuestros aportes<\/button>\n\t\t\t\t\t\t\t<button class=\"e-filter-item\" data-filter=\"recursos-didacticos\" aria-pressed=\"false\">Recursos did\u00e1cticos<\/button>\n\t\t\t\t\t\t\t<button class=\"e-filter-item\" data-filter=\"sin-categoria\" aria-pressed=\"false\">Sin categor\u00eda<\/button>\n\t\t\t\t\t\t\t<button class=\"e-filter-item\" data-filter=\"textos-para-trabajar-en-el-aula-recursos-didacticos\" aria-pressed=\"false\">Textos para trabajar en el aula<\/button>\n\t\t\t\t\t\t\t<button class=\"e-filter-item\" data-filter=\"videos\" aria-pressed=\"false\">Videos<\/button>\n\t\t\t\n\t\t\t\t\t\t\t\t\t<button class=\"e-filter-item\" data-filter=\"__all\" aria-pressed=\"true\">\n\t\t\t\tTodos\/as\t\t\t<\/button>\n\t\t\t\t\t<\/search>\n\t\t\t\t\t\t<\/div>\n\t\t<div class=\"elementor-element elementor-element-32b17aa e-con-full e-flex e-con e-child\" data-id=\"32b17aa\" data-element_type=\"container\">\n\t\t\t\t<div class=\"elementor-element elementor-element-1e0bb23 elementor-grid-4 elementor-grid-tablet-2 elementor-grid-mobile-1 elementor-widget elementor-widget-loop-grid\" data-id=\"1e0bb23\" data-element_type=\"widget\" data-settings=\"{&quot;template_id&quot;:&quot;6543&quot;,&quot;columns&quot;:4,&quot;pagination_type&quot;:&quot;load_more_on_click&quot;,&quot;row_gap&quot;:{&quot;unit&quot;:&quot;px&quot;,&quot;size&quot;:15,&quot;sizes&quot;:[]},&quot;columns_tablet&quot;:2,&quot;columns_mobile&quot;:1,&quot;_skin&quot;:&quot;post&quot;,&quot;edit_handle_selector&quot;:&quot;[data-elementor-type=\\&quot;loop-item\\&quot;]&quot;,&quot;load_more_spinner&quot;:{&quot;value&quot;:&quot;fas fa-spinner&quot;,&quot;library&quot;:&quot;fa-solid&quot;},&quot;row_gap_tablet&quot;:{&quot;unit&quot;:&quot;px&quot;,&quot;size&quot;:&quot;&quot;,&quot;sizes&quot;:[]},&quot;row_gap_mobile&quot;:{&quot;unit&quot;:&quot;px&quot;,&quot;size&quot;:&quot;&quot;,&quot;sizes&quot;:[]}}\" data-widget_type=\"loop-grid.post\">\n\t\t\t\t<div class=\"elementor-widget-container\">\n\t\t\t\t\t\t\t<div class=\"elementor-loop-container elementor-grid\" role=\"list\">\n\t\t<style id=\"loop-dynamic-6543\">.e-loop-item-9217 .elementor-element.elementor-element-286b420:not(.elementor-motion-effects-element-type-background), .e-loop-item-9217 .elementor-element.elementor-element-286b420 > .elementor-motion-effects-container > .elementor-motion-effects-layer{background-image:url(\"https:\/\/xn--ensearlapatagonia-ixb.com.ar\/sitio\/wp-content\/uploads\/2025\/09\/pido_la_palabra_portada.png\");}<\/style><style id=\"loop-6543\">.elementor-6543 .elementor-element.elementor-element-1be2c95e{--display:flex;--min-height:400px;--flex-direction:column;--container-widget-width:100%;--container-widget-height:initial;--container-widget-flex-grow:0;--container-widget-align-self:initial;--flex-wrap-mobile:wrap;--gap:0px 0px;--row-gap:0px;--column-gap:0px;--overflow:hidden;border-style:solid;--border-style:solid;border-width:1px 1px 1px 1px;--border-top-width:1px;--border-right-width:1px;--border-bottom-width:1px;--border-left-width:1px;border-color:#818EA038;--border-color:#818EA038;--border-radius:10px 10px 10px 10px;--padding-top:10px;--padding-bottom:10px;--padding-left:10px;--padding-right:10px;}.elementor-6543 .elementor-element.elementor-element-1be2c95e:not(.elementor-motion-effects-element-type-background), .elementor-6543 .elementor-element.elementor-element-1be2c95e > .elementor-motion-effects-container > .elementor-motion-effects-layer{background-color:var( --e-global-color-text );}.elementor-6543 .elementor-element.elementor-element-1be2c95e:hover::before, .elementor-6543 .elementor-element.elementor-element-1be2c95e:hover > .elementor-background-video-container::before, .elementor-6543 .elementor-element.elementor-element-1be2c95e:hover > .e-con-inner > .elementor-background-video-container::before, .elementor-6543 .elementor-element.elementor-element-1be2c95e > .elementor-background-slideshow:hover::before, .elementor-6543 .elementor-element.elementor-element-1be2c95e > .e-con-inner > .elementor-background-slideshow:hover::before{background-color:var( --e-global-color-6d60307 );--background-overlay:'';}.elementor-6543 .elementor-element.elementor-element-1be2c95e:hover{--overlay-opacity:0.05;}.elementor-6543 .elementor-element.elementor-element-286b420{--display:flex;--min-height:250px;--gap:0px 0px;--row-gap:0px;--column-gap:0px;--padding-top:0px;--padding-bottom:0px;--padding-left:0px;--padding-right:0px;}.elementor-6543 .elementor-element.elementor-element-286b420:not(.elementor-motion-effects-element-type-background), .elementor-6543 .elementor-element.elementor-element-286b420 > .elementor-motion-effects-container > .elementor-motion-effects-layer{background-position:center center;background-repeat:no-repeat;background-size:cover;}.elementor-6543 .elementor-element.elementor-element-24a2a9b{--display:flex;--gap:0px 0px;--row-gap:0px;--column-gap:0px;--margin-top:10px;--margin-bottom:0px;--margin-left:0px;--margin-right:0px;--padding-top:0px;--padding-bottom:0px;--padding-left:0px;--padding-right:0px;}.elementor-6543 .elementor-element.elementor-element-5598926{margin:5px 0px calc(var(--kit-widget-spacing, 0px) + 0px) 0px;text-align:center;}.elementor-6543 .elementor-element.elementor-element-5598926 .elementor-heading-title{font-family:\"Caecilia\", Sans-serif;font-weight:500;line-height:1.4em;color:#132A36;}.elementor-6543 .elementor-element.elementor-element-5598926 .elementor-heading-title a:hover, .elementor-6543 .elementor-element.elementor-element-5598926 .elementor-heading-title a:focus{color:var( --e-global-color-fa8ee5a );}@media(min-width:768px){.elementor-6543 .elementor-element.elementor-element-286b420{--content-width:100px;}}@media(max-width:1024px){.elementor-6543 .elementor-element.elementor-element-1be2c95e{--min-height:200px;}.elementor-6543 .elementor-element.elementor-element-5598926 .elementor-heading-title{font-size:16px;}}@media(max-width:767px){.elementor-6543 .elementor-element.elementor-element-1be2c95e{--min-height:200px;--padding-top:0px;--padding-bottom:0px;--padding-left:0px;--padding-right:0px;}.elementor-6543 .elementor-element.elementor-element-5598926 .elementor-heading-title{font-size:14px;}}@media(max-width:1024px) and (min-width:768px){.elementor-6543 .elementor-element.elementor-element-1be2c95e{--width:100%;}}<\/style>\t\t<div data-elementor-type=\"loop-item\" data-elementor-id=\"6543\" class=\"elementor elementor-6543 e-loop-item e-loop-item-9217 post-9217 post type-post status-publish format-standard has-post-thumbnail hentry category-recursos-didacticos category-videos tag-ciencias-sociales tag-dia-internacional-de-la-mujer tag-escuela tag-formacion-docente\" data-elementor-post-type=\"elementor_library\" data-custom-edit-handle=\"1\">\n\t\t\t<div class=\"elementor-element elementor-element-1be2c95e e-con-full e-flex e-con e-parent\" data-id=\"1be2c95e\" data-element_type=\"container\" data-settings=\"{&quot;background_background&quot;:&quot;classic&quot;}\">\n\t\t<a class=\"elementor-element elementor-element-286b420 e-flex e-con-boxed e-con e-child\" data-id=\"286b420\" data-element_type=\"container\" data-settings=\"{&quot;background_background&quot;:&quot;classic&quot;}\" href=\"https:\/\/xn--ensearlapatagonia-ixb.com.ar\/sitio\/por-que-el-8-de-marzo-se-conmemora-el-dia-internacional-de-la-mujer\/\">\n\t\t\t\t\t<div class=\"e-con-inner\">\n\t\t\t\t\t<\/div>\n\t\t\t\t<\/a>\n\t\t<div class=\"elementor-element elementor-element-24a2a9b e-flex e-con-boxed e-con e-child\" data-id=\"24a2a9b\" data-element_type=\"container\" data-settings=\"{&quot;background_background&quot;:&quot;classic&quot;}\">\n\t\t\t\t\t<div class=\"e-con-inner\">\n\t\t\t\t<div class=\"elementor-element elementor-element-5598926 elementor-widget elementor-widget-theme-post-title elementor-page-title elementor-widget-heading\" data-id=\"5598926\" data-element_type=\"widget\" data-widget_type=\"theme-post-title.default\">\n\t\t\t\t\t<h6 class=\"elementor-heading-title elementor-size-default\"><a href=\"https:\/\/xn--ensearlapatagonia-ixb.com.ar\/sitio\/por-que-el-8-de-marzo-se-conmemora-el-dia-internacional-de-la-mujer\/\">\u00bfPor qu\u00e9 el 8 de marzo se conmemora el D\u00eda Internacional de la mujer?<\/a><\/h6>\t\t\t\t<\/div>\n\t\t\t\t\t<\/div>\n\t\t\t\t<\/div>\n\t\t\t\t<\/div>\n\t\t\t\t<\/div>\n\t\t<style id=\"loop-dynamic-6543\">.e-loop-item-9179 .elementor-element.elementor-element-286b420:not(.elementor-motion-effects-element-type-background), .e-loop-item-9179 .elementor-element.elementor-element-286b420 > .elementor-motion-effects-container > .elementor-motion-effects-layer{background-image:url(\"https:\/\/xn--ensearlapatagonia-ixb.com.ar\/sitio\/wp-content\/uploads\/2025\/09\/pido_la_palabra_portada.png\");}<\/style>\t\t<div data-elementor-type=\"loop-item\" data-elementor-id=\"6543\" class=\"elementor elementor-6543 e-loop-item e-loop-item-9179 post-9179 post type-post status-publish format-standard has-post-thumbnail hentry category-bibliografia-ciencias-sociales category-de-interes-general category-formacion-docente tag-ciencias-sociales tag-decolonialidad tag-ensenanza tag-escuela tag-formacion-docente tag-libros tag-pueblos-originarios\" data-elementor-post-type=\"elementor_library\" data-custom-edit-handle=\"1\">\n\t\t\t<div class=\"elementor-element elementor-element-1be2c95e e-con-full e-flex e-con e-parent\" data-id=\"1be2c95e\" data-element_type=\"container\" data-settings=\"{&quot;background_background&quot;:&quot;classic&quot;}\">\n\t\t<a class=\"elementor-element elementor-element-286b420 e-flex e-con-boxed e-con e-child\" data-id=\"286b420\" data-element_type=\"container\" data-settings=\"{&quot;background_background&quot;:&quot;classic&quot;}\" href=\"https:\/\/xn--ensearlapatagonia-ixb.com.ar\/sitio\/des-colonialidad-y-buen-vivir-anibal-quijano-ed-completo-para-descargar-en-pdf\/\">\n\t\t\t\t\t<div class=\"e-con-inner\">\n\t\t\t\t\t<\/div>\n\t\t\t\t<\/a>\n\t\t<div class=\"elementor-element elementor-element-24a2a9b e-flex e-con-boxed e-con e-child\" data-id=\"24a2a9b\" data-element_type=\"container\" data-settings=\"{&quot;background_background&quot;:&quot;classic&quot;}\">\n\t\t\t\t\t<div class=\"e-con-inner\">\n\t\t\t\t<div class=\"elementor-element elementor-element-5598926 elementor-widget elementor-widget-theme-post-title elementor-page-title elementor-widget-heading\" data-id=\"5598926\" data-element_type=\"widget\" data-widget_type=\"theme-post-title.default\">\n\t\t\t\t\t<h6 class=\"elementor-heading-title elementor-size-default\"><a href=\"https:\/\/xn--ensearlapatagonia-ixb.com.ar\/sitio\/des-colonialidad-y-buen-vivir-anibal-quijano-ed-completo-para-descargar-en-pdf\/\">Des\/colonialidad y buen vivir, An\u00edbal Quijano (Ed.) completo para descargar en pdf<\/a><\/h6>\t\t\t\t<\/div>\n\t\t\t\t\t<\/div>\n\t\t\t\t<\/div>\n\t\t\t\t<\/div>\n\t\t\t\t<\/div>\n\t\t<style id=\"loop-dynamic-6543\">.e-loop-item-5214 .elementor-element.elementor-element-286b420:not(.elementor-motion-effects-element-type-background), .e-loop-item-5214 .elementor-element.elementor-element-286b420 > .elementor-motion-effects-container > .elementor-motion-effects-layer{background-image:url(\"https:\/\/xn--ensearlapatagonia-ixb.com.ar\/sitio\/wp-content\/uploads\/2025\/08\/circuitos-productivos-regionales.jpg\");}<\/style>\t\t<div data-elementor-type=\"loop-item\" data-elementor-id=\"6543\" class=\"elementor elementor-6543 e-loop-item e-loop-item-5214 post-5214 post type-post status-publish format-standard has-post-thumbnail hentry category-bibliografia-ciencias-sociales category-de-interes-general category-formacion-docente category-sin-categoria tag-ciencias-sociales tag-educacion-2 tag-ensenanza tag-escuela tag-formacion-docente tag-libros\" data-elementor-post-type=\"elementor_library\" data-custom-edit-handle=\"1\">\n\t\t\t<div class=\"elementor-element elementor-element-1be2c95e e-con-full e-flex e-con e-parent\" data-id=\"1be2c95e\" data-element_type=\"container\" data-settings=\"{&quot;background_background&quot;:&quot;classic&quot;}\">\n\t\t<a class=\"elementor-element elementor-element-286b420 e-flex e-con-boxed e-con e-child\" data-id=\"286b420\" data-element_type=\"container\" data-settings=\"{&quot;background_background&quot;:&quot;classic&quot;}\" href=\"https:\/\/xn--ensearlapatagonia-ixb.com.ar\/sitio\/circuitos-productivos-regionales-y-estrategias-de-desarrollo-en-la-argentina-del-siglo-xxi-alejandro-rofman-organizador\/\">\n\t\t\t\t\t<div class=\"e-con-inner\">\n\t\t\t\t\t<\/div>\n\t\t\t\t<\/a>\n\t\t<div class=\"elementor-element elementor-element-24a2a9b e-flex e-con-boxed e-con e-child\" data-id=\"24a2a9b\" data-element_type=\"container\" data-settings=\"{&quot;background_background&quot;:&quot;classic&quot;}\">\n\t\t\t\t\t<div class=\"e-con-inner\">\n\t\t\t\t<div class=\"elementor-element elementor-element-5598926 elementor-widget elementor-widget-theme-post-title elementor-page-title elementor-widget-heading\" data-id=\"5598926\" data-element_type=\"widget\" data-widget_type=\"theme-post-title.default\">\n\t\t\t\t\t<h6 class=\"elementor-heading-title elementor-size-default\"><a href=\"https:\/\/xn--ensearlapatagonia-ixb.com.ar\/sitio\/circuitos-productivos-regionales-y-estrategias-de-desarrollo-en-la-argentina-del-siglo-xxi-alejandro-rofman-organizador\/\">\u00abCircuitos productivos regionales y estrategias de desarrollo en la Argentina del Siglo XXI\u00bb, Alejandro Rofman (Organizador)<\/a><\/h6>\t\t\t\t<\/div>\n\t\t\t\t\t<\/div>\n\t\t\t\t<\/div>\n\t\t\t\t<\/div>\n\t\t\t\t<\/div>\n\t\t<style id=\"loop-dynamic-6543\">.e-loop-item-5203 .elementor-element.elementor-element-286b420:not(.elementor-motion-effects-element-type-background), .e-loop-item-5203 .elementor-element.elementor-element-286b420 > .elementor-motion-effects-container > .elementor-motion-effects-layer{background-image:url(\"https:\/\/xn--ensearlapatagonia-ixb.com.ar\/sitio\/wp-content\/uploads\/2025\/06\/El-amanecer-de-todo.jpg\");}<\/style>\t\t<div data-elementor-type=\"loop-item\" data-elementor-id=\"6543\" class=\"elementor elementor-6543 e-loop-item e-loop-item-5203 post-5203 post type-post status-publish format-standard has-post-thumbnail hentry category-bibliografia-ciencias-sociales category-de-interes-general category-formacion-docente tag-antropologia tag-ciencias-sociales tag-educacion-2 tag-formacion-docente tag-historia tag-libros\" data-elementor-post-type=\"elementor_library\" data-custom-edit-handle=\"1\">\n\t\t\t<div class=\"elementor-element elementor-element-1be2c95e e-con-full e-flex e-con e-parent\" data-id=\"1be2c95e\" data-element_type=\"container\" data-settings=\"{&quot;background_background&quot;:&quot;classic&quot;}\">\n\t\t<a class=\"elementor-element elementor-element-286b420 e-flex e-con-boxed e-con e-child\" data-id=\"286b420\" data-element_type=\"container\" data-settings=\"{&quot;background_background&quot;:&quot;classic&quot;}\" href=\"https:\/\/xn--ensearlapatagonia-ixb.com.ar\/sitio\/el-amanecer-de-todo-una-nueva-historia-de-la-humanidad-de-david-graeber-y-david-wengrow-completo-para-descargar-en-pdf\/\">\n\t\t\t\t\t<div class=\"e-con-inner\">\n\t\t\t\t\t<\/div>\n\t\t\t\t<\/a>\n\t\t<div class=\"elementor-element elementor-element-24a2a9b e-flex e-con-boxed e-con e-child\" data-id=\"24a2a9b\" data-element_type=\"container\" data-settings=\"{&quot;background_background&quot;:&quot;classic&quot;}\">\n\t\t\t\t\t<div class=\"e-con-inner\">\n\t\t\t\t<div class=\"elementor-element elementor-element-5598926 elementor-widget elementor-widget-theme-post-title elementor-page-title elementor-widget-heading\" data-id=\"5598926\" data-element_type=\"widget\" data-widget_type=\"theme-post-title.default\">\n\t\t\t\t\t<h6 class=\"elementor-heading-title elementor-size-default\"><a href=\"https:\/\/xn--ensearlapatagonia-ixb.com.ar\/sitio\/el-amanecer-de-todo-una-nueva-historia-de-la-humanidad-de-david-graeber-y-david-wengrow-completo-para-descargar-en-pdf\/\">\u00abEl amanecer de todo. Una nueva historia de la humanidad\u00bb, de David Graeber y David Wengrow, completo para descargar en pdf<\/a><\/h6>\t\t\t\t<\/div>\n\t\t\t\t\t<\/div>\n\t\t\t\t<\/div>\n\t\t\t\t<\/div>\n\t\t\t\t<\/div>\n\t\t<style id=\"loop-dynamic-6543\">.e-loop-item-5198 .elementor-element.elementor-element-286b420:not(.elementor-motion-effects-element-type-background), .e-loop-item-5198 .elementor-element.elementor-element-286b420 > .elementor-motion-effects-container > .elementor-motion-effects-layer{background-image:url(\"https:\/\/xn--ensearlapatagonia-ixb.com.ar\/sitio\/wp-content\/uploads\/2025\/09\/pido_la_palabra_portada.png\");}<\/style>\t\t<div data-elementor-type=\"loop-item\" data-elementor-id=\"6543\" class=\"elementor elementor-6543 e-loop-item e-loop-item-5198 post-5198 post type-post status-publish format-standard has-post-thumbnail hentry category-sin-categoria tag-ciencias-sociales tag-colonialidad tag-decolonialidad tag-educacion-2 tag-escuela tag-interculturalidad tag-libros tag-madre-tierra tag-pachamama tag-pueblos-originarios\" data-elementor-post-type=\"elementor_library\" data-custom-edit-handle=\"1\">\n\t\t\t<div class=\"elementor-element elementor-element-1be2c95e e-con-full e-flex e-con e-parent\" data-id=\"1be2c95e\" data-element_type=\"container\" data-settings=\"{&quot;background_background&quot;:&quot;classic&quot;}\">\n\t\t<a class=\"elementor-element elementor-element-286b420 e-flex e-con-boxed e-con e-child\" data-id=\"286b420\" data-element_type=\"container\" data-settings=\"{&quot;background_background&quot;:&quot;classic&quot;}\" href=\"https:\/\/xn--ensearlapatagonia-ixb.com.ar\/sitio\/la-madre-tierra-como-sujeto-de-derechos-de-juan-casazola-ccama-completo-para-descargar-en-pdf\/\">\n\t\t\t\t\t<div class=\"e-con-inner\">\n\t\t\t\t\t<\/div>\n\t\t\t\t<\/a>\n\t\t<div class=\"elementor-element elementor-element-24a2a9b e-flex e-con-boxed e-con e-child\" data-id=\"24a2a9b\" data-element_type=\"container\" data-settings=\"{&quot;background_background&quot;:&quot;classic&quot;}\">\n\t\t\t\t\t<div class=\"e-con-inner\">\n\t\t\t\t<div class=\"elementor-element elementor-element-5598926 elementor-widget elementor-widget-theme-post-title elementor-page-title elementor-widget-heading\" data-id=\"5598926\" data-element_type=\"widget\" data-widget_type=\"theme-post-title.default\">\n\t\t\t\t\t<h6 class=\"elementor-heading-title elementor-size-default\"><a href=\"https:\/\/xn--ensearlapatagonia-ixb.com.ar\/sitio\/la-madre-tierra-como-sujeto-de-derechos-de-juan-casazola-ccama-completo-para-descargar-en-pdf\/\">\u00abLa madre tierra como sujeto de derechos\u00bb, de Juan Casazola Ccama, completo para descargar en pdf<\/a><\/h6>\t\t\t\t<\/div>\n\t\t\t\t\t<\/div>\n\t\t\t\t<\/div>\n\t\t\t\t<\/div>\n\t\t\t\t<\/div>\n\t\t<style id=\"loop-dynamic-6543\">.e-loop-item-5187 .elementor-element.elementor-element-286b420:not(.elementor-motion-effects-element-type-background), .e-loop-item-5187 .elementor-element.elementor-element-286b420 > .elementor-motion-effects-container > .elementor-motion-effects-layer{background-image:url(\"https:\/\/xn--ensearlapatagonia-ixb.com.ar\/sitio\/wp-content\/uploads\/2025\/06\/Nacimiento-de-la-biopolitica.jpg\");}<\/style>\t\t<div data-elementor-type=\"loop-item\" data-elementor-id=\"6543\" class=\"elementor elementor-6543 e-loop-item e-loop-item-5187 post-5187 post type-post status-publish format-standard has-post-thumbnail hentry category-sin-categoria tag-ciencias-sociales tag-educacion-2 tag-ensenanza tag-escuela tag-foucault\" data-elementor-post-type=\"elementor_library\" data-custom-edit-handle=\"1\">\n\t\t\t<div class=\"elementor-element elementor-element-1be2c95e e-con-full e-flex e-con e-parent\" data-id=\"1be2c95e\" data-element_type=\"container\" data-settings=\"{&quot;background_background&quot;:&quot;classic&quot;}\">\n\t\t<a class=\"elementor-element elementor-element-286b420 e-flex e-con-boxed e-con e-child\" data-id=\"286b420\" data-element_type=\"container\" data-settings=\"{&quot;background_background&quot;:&quot;classic&quot;}\" href=\"https:\/\/xn--ensearlapatagonia-ixb.com.ar\/sitio\/nacimiento-de-la-biopolitica-de-michel-foucault-completo-para-descargar-en-pdf\/\">\n\t\t\t\t\t<div class=\"e-con-inner\">\n\t\t\t\t\t<\/div>\n\t\t\t\t<\/a>\n\t\t<div class=\"elementor-element elementor-element-24a2a9b e-flex e-con-boxed e-con e-child\" data-id=\"24a2a9b\" data-element_type=\"container\" data-settings=\"{&quot;background_background&quot;:&quot;classic&quot;}\">\n\t\t\t\t\t<div class=\"e-con-inner\">\n\t\t\t\t<div class=\"elementor-element elementor-element-5598926 elementor-widget elementor-widget-theme-post-title elementor-page-title elementor-widget-heading\" data-id=\"5598926\" data-element_type=\"widget\" data-widget_type=\"theme-post-title.default\">\n\t\t\t\t\t<h6 class=\"elementor-heading-title elementor-size-default\"><a href=\"https:\/\/xn--ensearlapatagonia-ixb.com.ar\/sitio\/nacimiento-de-la-biopolitica-de-michel-foucault-completo-para-descargar-en-pdf\/\">\u00abNacimiento de la biopol\u00edtica\u00bb, de Michel Foucault, completo para descargar en pdf<\/a><\/h6>\t\t\t\t<\/div>\n\t\t\t\t\t<\/div>\n\t\t\t\t<\/div>\n\t\t\t\t<\/div>\n\t\t\t\t<\/div>\n\t\t<style id=\"loop-dynamic-6543\">.e-loop-item-5180 .elementor-element.elementor-element-286b420:not(.elementor-motion-effects-element-type-background), .e-loop-item-5180 .elementor-element.elementor-element-286b420 > .elementor-motion-effects-container > .elementor-motion-effects-layer{background-image:url(\"https:\/\/xn--ensearlapatagonia-ixb.com.ar\/sitio\/wp-content\/uploads\/2025\/09\/pido_la_palabra_portada.png\");}<\/style>\t\t<div data-elementor-type=\"loop-item\" data-elementor-id=\"6543\" class=\"elementor elementor-6543 e-loop-item e-loop-item-5180 post-5180 post type-post status-publish format-standard has-post-thumbnail hentry category-sin-categoria tag-ciencias-sociales tag-educacion-2 tag-ensenanza tag-escuela tag-libros\" data-elementor-post-type=\"elementor_library\" data-custom-edit-handle=\"1\">\n\t\t\t<div class=\"elementor-element elementor-element-1be2c95e e-con-full e-flex e-con e-parent\" data-id=\"1be2c95e\" data-element_type=\"container\" data-settings=\"{&quot;background_background&quot;:&quot;classic&quot;}\">\n\t\t<a class=\"elementor-element elementor-element-286b420 e-flex e-con-boxed e-con e-child\" data-id=\"286b420\" data-element_type=\"container\" data-settings=\"{&quot;background_background&quot;:&quot;classic&quot;}\" href=\"https:\/\/xn--ensearlapatagonia-ixb.com.ar\/sitio\/pensar-descubrir-y-aprender-propuesta-didactica-y-actividades-para-las-ciencias-sociales-camilloni-y-levinas-completo-para-deacargar-en-pdf\/\">\n\t\t\t\t\t<div class=\"e-con-inner\">\n\t\t\t\t\t<\/div>\n\t\t\t\t<\/a>\n\t\t<div class=\"elementor-element elementor-element-24a2a9b e-flex e-con-boxed e-con e-child\" data-id=\"24a2a9b\" data-element_type=\"container\" data-settings=\"{&quot;background_background&quot;:&quot;classic&quot;}\">\n\t\t\t\t\t<div class=\"e-con-inner\">\n\t\t\t\t<div class=\"elementor-element elementor-element-5598926 elementor-widget elementor-widget-theme-post-title elementor-page-title elementor-widget-heading\" data-id=\"5598926\" data-element_type=\"widget\" data-widget_type=\"theme-post-title.default\">\n\t\t\t\t\t<h6 class=\"elementor-heading-title elementor-size-default\"><a href=\"https:\/\/xn--ensearlapatagonia-ixb.com.ar\/sitio\/pensar-descubrir-y-aprender-propuesta-didactica-y-actividades-para-las-ciencias-sociales-camilloni-y-levinas-completo-para-deacargar-en-pdf\/\">\u00abPensar, descubrir y aprender. Propuesta did\u00e1ctica y actividades para las Ciencias Sociales\u00bb. Camilloni y Levinas, completo para descargar en pdf<\/a><\/h6>\t\t\t\t<\/div>\n\t\t\t\t\t<\/div>\n\t\t\t\t<\/div>\n\t\t\t\t<\/div>\n\t\t\t\t<\/div>\n\t\t<style id=\"loop-dynamic-6543\">.e-loop-item-5145 .elementor-element.elementor-element-286b420:not(.elementor-motion-effects-element-type-background), .e-loop-item-5145 .elementor-element.elementor-element-286b420 > .elementor-motion-effects-container > .elementor-motion-effects-layer{background-image:url(\"https:\/\/xn--ensearlapatagonia-ixb.com.ar\/sitio\/wp-content\/uploads\/2025\/04\/Interculturalidad-y-diversidad-en-la-educacion-1.jpg\");}<\/style>\t\t<div data-elementor-type=\"loop-item\" data-elementor-id=\"6543\" class=\"elementor elementor-6543 e-loop-item e-loop-item-5145 post-5145 post type-post status-publish format-standard has-post-thumbnail hentry category-sin-categoria tag-ciencias-sociales tag-decolonialidad tag-educacion-2 tag-ensenanza tag-escuela tag-formacion-docente tag-interculturalidad tag-libros tag-pueblos-originarios\" data-elementor-post-type=\"elementor_library\" data-custom-edit-handle=\"1\">\n\t\t\t<div class=\"elementor-element elementor-element-1be2c95e e-con-full e-flex e-con e-parent\" data-id=\"1be2c95e\" data-element_type=\"container\" data-settings=\"{&quot;background_background&quot;:&quot;classic&quot;}\">\n\t\t<a class=\"elementor-element elementor-element-286b420 e-flex e-con-boxed e-con e-child\" data-id=\"286b420\" data-element_type=\"container\" data-settings=\"{&quot;background_background&quot;:&quot;classic&quot;}\" href=\"https:\/\/xn--ensearlapatagonia-ixb.com.ar\/sitio\/interculturalidad-y-diversidad-en-la-educacion-de-sonia-comboni-salinas-y-jose-manuel-juarez-nunez-completo-para-descargar-en-pdf\/\">\n\t\t\t\t\t<div class=\"e-con-inner\">\n\t\t\t\t\t<\/div>\n\t\t\t\t<\/a>\n\t\t<div class=\"elementor-element elementor-element-24a2a9b e-flex e-con-boxed e-con e-child\" data-id=\"24a2a9b\" data-element_type=\"container\" data-settings=\"{&quot;background_background&quot;:&quot;classic&quot;}\">\n\t\t\t\t\t<div class=\"e-con-inner\">\n\t\t\t\t<div class=\"elementor-element elementor-element-5598926 elementor-widget elementor-widget-theme-post-title elementor-page-title elementor-widget-heading\" data-id=\"5598926\" data-element_type=\"widget\" data-widget_type=\"theme-post-title.default\">\n\t\t\t\t\t<h6 class=\"elementor-heading-title elementor-size-default\"><a href=\"https:\/\/xn--ensearlapatagonia-ixb.com.ar\/sitio\/interculturalidad-y-diversidad-en-la-educacion-de-sonia-comboni-salinas-y-jose-manuel-juarez-nunez-completo-para-descargar-en-pdf\/\">\u00abInterculturalidad y diversidad en la educaci\u00f3n\u00bb, de Sonia Comboni Salinas y Jos\u00e9 Manuel Juarez Nu\u00f1ez, completo para descargar en pdf<\/a><\/h6>\t\t\t\t<\/div>\n\t\t\t\t\t<\/div>\n\t\t\t\t<\/div>\n\t\t\t\t<\/div>\n\t\t\t\t<\/div>\n\t\t<style id=\"loop-dynamic-6543\">.e-loop-item-5128 .elementor-element.elementor-element-286b420:not(.elementor-motion-effects-element-type-background), .e-loop-item-5128 .elementor-element.elementor-element-286b420 > .elementor-motion-effects-container > .elementor-motion-effects-layer{background-image:url(\"https:\/\/xn--ensearlapatagonia-ixb.com.ar\/sitio\/wp-content\/uploads\/2025\/04\/Educacion-intercultural-desde-Abya-Yala.jpg\");}<\/style>\t\t<div data-elementor-type=\"loop-item\" data-elementor-id=\"6543\" class=\"elementor elementor-6543 e-loop-item e-loop-item-5128 post-5128 post type-post status-publish format-standard has-post-thumbnail hentry category-sin-categoria\" data-elementor-post-type=\"elementor_library\" data-custom-edit-handle=\"1\">\n\t\t\t<div class=\"elementor-element elementor-element-1be2c95e e-con-full e-flex e-con e-parent\" data-id=\"1be2c95e\" data-element_type=\"container\" data-settings=\"{&quot;background_background&quot;:&quot;classic&quot;}\">\n\t\t<a class=\"elementor-element elementor-element-286b420 e-flex e-con-boxed e-con e-child\" data-id=\"286b420\" data-element_type=\"container\" data-settings=\"{&quot;background_background&quot;:&quot;classic&quot;}\" href=\"https:\/\/xn--ensearlapatagonia-ixb.com.ar\/sitio\/educacion-intercultural-desde-abya-yala-completo-para-descargar-en-pdf\/\">\n\t\t\t\t\t<div class=\"e-con-inner\">\n\t\t\t\t\t<\/div>\n\t\t\t\t<\/a>\n\t\t<div class=\"elementor-element elementor-element-24a2a9b e-flex e-con-boxed e-con e-child\" data-id=\"24a2a9b\" data-element_type=\"container\" data-settings=\"{&quot;background_background&quot;:&quot;classic&quot;}\">\n\t\t\t\t\t<div class=\"e-con-inner\">\n\t\t\t\t<div class=\"elementor-element elementor-element-5598926 elementor-widget elementor-widget-theme-post-title elementor-page-title elementor-widget-heading\" data-id=\"5598926\" data-element_type=\"widget\" data-widget_type=\"theme-post-title.default\">\n\t\t\t\t\t<h6 class=\"elementor-heading-title elementor-size-default\"><a href=\"https:\/\/xn--ensearlapatagonia-ixb.com.ar\/sitio\/educacion-intercultural-desde-abya-yala-completo-para-descargar-en-pdf\/\">\u00abEducaci\u00f3n intercultural desde Abya Yala\u00bb, completo para descargar en pdf<\/a><\/h6>\t\t\t\t<\/div>\n\t\t\t\t\t<\/div>\n\t\t\t\t<\/div>\n\t\t\t\t<\/div>\n\t\t\t\t<\/div>\n\t\t<style id=\"loop-dynamic-6543\">.e-loop-item-5066 .elementor-element.elementor-element-286b420:not(.elementor-motion-effects-element-type-background), .e-loop-item-5066 .elementor-element.elementor-element-286b420 > .elementor-motion-effects-container > .elementor-motion-effects-layer{background-image:url(\"https:\/\/xn--ensearlapatagonia-ixb.com.ar\/sitio\/wp-content\/uploads\/2025\/02\/Rutas-de-otra-educacion-posible.jpg\");}<\/style>\t\t<div data-elementor-type=\"loop-item\" data-elementor-id=\"6543\" class=\"elementor elementor-6543 e-loop-item e-loop-item-5066 post-5066 post type-post status-publish format-standard has-post-thumbnail hentry category-sin-categoria\" data-elementor-post-type=\"elementor_library\" data-custom-edit-handle=\"1\">\n\t\t\t<div class=\"elementor-element elementor-element-1be2c95e e-con-full e-flex e-con e-parent\" data-id=\"1be2c95e\" data-element_type=\"container\" data-settings=\"{&quot;background_background&quot;:&quot;classic&quot;}\">\n\t\t<a class=\"elementor-element elementor-element-286b420 e-flex e-con-boxed e-con e-child\" data-id=\"286b420\" data-element_type=\"container\" data-settings=\"{&quot;background_background&quot;:&quot;classic&quot;}\" href=\"https:\/\/xn--ensearlapatagonia-ixb.com.ar\/sitio\/rutas-de-otra-educacion-posible-voces-pedagogicas-desde-nuestra-america-david-auris-villegas-comp-y-coord-completo-para-descargar-en-pdf\/\">\n\t\t\t\t\t<div class=\"e-con-inner\">\n\t\t\t\t\t<\/div>\n\t\t\t\t<\/a>\n\t\t<div class=\"elementor-element elementor-element-24a2a9b e-flex e-con-boxed e-con e-child\" data-id=\"24a2a9b\" data-element_type=\"container\" data-settings=\"{&quot;background_background&quot;:&quot;classic&quot;}\">\n\t\t\t\t\t<div class=\"e-con-inner\">\n\t\t\t\t<div class=\"elementor-element elementor-element-5598926 elementor-widget elementor-widget-theme-post-title elementor-page-title elementor-widget-heading\" data-id=\"5598926\" data-element_type=\"widget\" data-widget_type=\"theme-post-title.default\">\n\t\t\t\t\t<h6 class=\"elementor-heading-title elementor-size-default\"><a href=\"https:\/\/xn--ensearlapatagonia-ixb.com.ar\/sitio\/rutas-de-otra-educacion-posible-voces-pedagogicas-desde-nuestra-america-david-auris-villegas-comp-y-coord-completo-para-descargar-en-pdf\/\">\u00abRutas de otra educaci\u00f3n posible: voces pedag\u00f3gicas desde nuestra Am\u00e9rica\u00bb David Auris Villegas (Comp. y coord.), completo para descargar en pdf<\/a><\/h6>\t\t\t\t<\/div>\n\t\t\t\t\t<\/div>\n\t\t\t\t<\/div>\n\t\t\t\t<\/div>\n\t\t\t\t<\/div>\n\t\t<style id=\"loop-dynamic-6543\">.e-loop-item-5039 .elementor-element.elementor-element-286b420:not(.elementor-motion-effects-element-type-background), .e-loop-item-5039 .elementor-element.elementor-element-286b420 > .elementor-motion-effects-container > .elementor-motion-effects-layer{background-image:url(\"https:\/\/xn--ensearlapatagonia-ixb.com.ar\/sitio\/wp-content\/uploads\/2024\/12\/Las-mujeres-aztecas.jpg\");}<\/style>\t\t<div data-elementor-type=\"loop-item\" data-elementor-id=\"6543\" class=\"elementor elementor-6543 e-loop-item e-loop-item-5039 post-5039 post type-post status-publish format-standard has-post-thumbnail hentry category-de-interes-general category-formacion-docente tag-pueblos-originarios-2 tag-ciencias-sociales tag-educacion-2 tag-ensenanza tag-escuela tag-formacion-docente tag-historia tag-interculturalidad tag-libros\" data-elementor-post-type=\"elementor_library\" data-custom-edit-handle=\"1\">\n\t\t\t<div class=\"elementor-element elementor-element-1be2c95e e-con-full e-flex e-con e-parent\" data-id=\"1be2c95e\" data-element_type=\"container\" data-settings=\"{&quot;background_background&quot;:&quot;classic&quot;}\">\n\t\t<a class=\"elementor-element elementor-element-286b420 e-flex e-con-boxed e-con e-child\" data-id=\"286b420\" data-element_type=\"container\" data-settings=\"{&quot;background_background&quot;:&quot;classic&quot;}\" href=\"https:\/\/xn--ensearlapatagonia-ixb.com.ar\/sitio\/las-mujeres-aztecas-en-los-codices-indigenas-y-en-las-cronicas-de-la-colonia-de-rima-de-vallbona-completo-para-descargar-en-pdf\/\">\n\t\t\t\t\t<div class=\"e-con-inner\">\n\t\t\t\t\t<\/div>\n\t\t\t\t<\/a>\n\t\t<div class=\"elementor-element elementor-element-24a2a9b e-flex e-con-boxed e-con e-child\" data-id=\"24a2a9b\" data-element_type=\"container\" data-settings=\"{&quot;background_background&quot;:&quot;classic&quot;}\">\n\t\t\t\t\t<div class=\"e-con-inner\">\n\t\t\t\t<div class=\"elementor-element elementor-element-5598926 elementor-widget elementor-widget-theme-post-title elementor-page-title elementor-widget-heading\" data-id=\"5598926\" data-element_type=\"widget\" data-widget_type=\"theme-post-title.default\">\n\t\t\t\t\t<h6 class=\"elementor-heading-title elementor-size-default\"><a href=\"https:\/\/xn--ensearlapatagonia-ixb.com.ar\/sitio\/las-mujeres-aztecas-en-los-codices-indigenas-y-en-las-cronicas-de-la-colonia-de-rima-de-vallbona-completo-para-descargar-en-pdf\/\">\u00abLas mujeres aztecas en los c\u00f3dices ind\u00edgenas y en las cr\u00f3nicas de la colonia\u00bb de Rima de Vallbona, completo para descargar en pdf<\/a><\/h6>\t\t\t\t<\/div>\n\t\t\t\t\t<\/div>\n\t\t\t\t<\/div>\n\t\t\t\t<\/div>\n\t\t\t\t<\/div>\n\t\t<style id=\"loop-dynamic-6543\">.e-loop-item-4954 .elementor-element.elementor-element-286b420:not(.elementor-motion-effects-element-type-background), .e-loop-item-4954 .elementor-element.elementor-element-286b420 > .elementor-motion-effects-container > .elementor-motion-effects-layer{background-image:url(\"https:\/\/xn--ensearlapatagonia-ixb.com.ar\/sitio\/wp-content\/uploads\/2024\/07\/Vivian-Camacho.jpg\");}<\/style>\t\t<div data-elementor-type=\"loop-item\" data-elementor-id=\"6543\" class=\"elementor elementor-6543 e-loop-item e-loop-item-4954 post-4954 post type-post status-publish format-standard has-post-thumbnail hentry category-de-interes-general category-formacion-docente tag-ciencias-sociales tag-decolonialidad tag-formacion-docente tag-interculturalidad tag-medicina-decolonial\" data-elementor-post-type=\"elementor_library\" data-custom-edit-handle=\"1\">\n\t\t\t<div class=\"elementor-element elementor-element-1be2c95e e-con-full e-flex e-con e-parent\" data-id=\"1be2c95e\" data-element_type=\"container\" data-settings=\"{&quot;background_background&quot;:&quot;classic&quot;}\">\n\t\t<a class=\"elementor-element elementor-element-286b420 e-flex e-con-boxed e-con e-child\" data-id=\"286b420\" data-element_type=\"container\" data-settings=\"{&quot;background_background&quot;:&quot;classic&quot;}\" href=\"https:\/\/xn--ensearlapatagonia-ixb.com.ar\/sitio\/video-vivian-camacho-descolonizar-la-medicina-y-orientar-hacia-la-vida\/\">\n\t\t\t\t\t<div class=\"e-con-inner\">\n\t\t\t\t\t<\/div>\n\t\t\t\t<\/a>\n\t\t<div class=\"elementor-element elementor-element-24a2a9b e-flex e-con-boxed e-con e-child\" data-id=\"24a2a9b\" data-element_type=\"container\" data-settings=\"{&quot;background_background&quot;:&quot;classic&quot;}\">\n\t\t\t\t\t<div class=\"e-con-inner\">\n\t\t\t\t<div class=\"elementor-element elementor-element-5598926 elementor-widget elementor-widget-theme-post-title elementor-page-title elementor-widget-heading\" data-id=\"5598926\" data-element_type=\"widget\" data-widget_type=\"theme-post-title.default\">\n\t\t\t\t\t<h6 class=\"elementor-heading-title elementor-size-default\"><a href=\"https:\/\/xn--ensearlapatagonia-ixb.com.ar\/sitio\/video-vivian-camacho-descolonizar-la-medicina-y-orientar-hacia-la-vida\/\">Video: Vivian Camacho, descolonizar la medicina y orientar hacia la vida<\/a><\/h6>\t\t\t\t<\/div>\n\t\t\t\t\t<\/div>\n\t\t\t\t<\/div>\n\t\t\t\t<\/div>\n\t\t\t\t<\/div>\n\t\t\t\t<\/div>\n\t\t\t\t\t<span class=\"e-load-more-spinner\">\n\t\t\t\t<i aria-hidden=\"true\" class=\"fas fa-spinner\"><\/i>\t\t\t<\/span>\n\t\t\n\t\t\t\t<div class=\"e-load-more-anchor\" data-page=\"1\" data-max-page=\"54\" data-next-page=\"https:\/\/xn--ensearlapatagonia-ixb.com.ar\/sitio\/wp-json\/wp\/v2\/pages\/3501\/page\/2\/\"><\/div>\n\t\t\t\t<div class=\"e-loop__load-more elementor-button-wrapper\">\n\t\t\t<a class=\"elementor-button elementor-size-sm\" role=\"button\">\n\t\t\t\t\t\t<span class=\"elementor-button-content-wrapper\">\n\t\t\t\t\t\t\t\t\t<span class=\"elementor-button-text\">Cargar M\u00e1s<\/span>\n\t\t\t\t\t<\/span>\n\t\t\t\t\t<\/a>\n\t\t<\/div>\n\t\t\t\t<div class=\"e-load-more-message\"><\/div>\n\t\t\t\t\t\t<\/div>\n\t\t\t\t<\/div>\n\t\t\t\t<\/div>\n\t\t\t\t<\/div>\n\t\t\t\t\t<\/div>\n\t\t\t\t<\/div>\n\t\t\t\t<\/div>\n\t\t","protected":false},"excerpt":{"rendered":"<p>Materiales para docentes Te ofrecemos, adem\u00e1s, una enorme cantidad de materiales que ayudan a reflexionar sobre nuestra realidad, a repensarla y a repensarnos. Art\u00edculos period\u00edsticos para trabajar en el aula Bibliograf\u00eda ciencias sociales Bibliograf\u00eda did\u00e1ctica De inter\u00e9s general Formaci\u00f3n docente Juegos Juegos Mapas Nuestros aportes Recursos did\u00e1cticos Sin categor\u00eda Textos para trabajar en el aula [&hellip;]<\/p>\n","protected":false},"author":1,"featured_media":6194,"parent":0,"menu_order":0,"comment_status":"closed","ping_status":"closed","template":"","meta":{"_acf_changed":false,"footnotes":""},"class_list":["post-3501","page","type-page","status-publish","has-post-thumbnail","hentry"],"acf":[],"_links":{"self":[{"href":"https:\/\/xn--ensearlapatagonia-ixb.com.ar\/sitio\/wp-json\/wp\/v2\/pages\/3501","targetHints":{"allow":["GET"]}}],"collection":[{"href":"https:\/\/xn--ensearlapatagonia-ixb.com.ar\/sitio\/wp-json\/wp\/v2\/pages"}],"about":[{"href":"https:\/\/xn--ensearlapatagonia-ixb.com.ar\/sitio\/wp-json\/wp\/v2\/types\/page"}],"author":[{"embeddable":true,"href":"https:\/\/xn--ensearlapatagonia-ixb.com.ar\/sitio\/wp-json\/wp\/v2\/users\/1"}],"replies":[{"embeddable":true,"href":"https:\/\/xn--ensearlapatagonia-ixb.com.ar\/sitio\/wp-json\/wp\/v2\/comments?post=3501"}],"version-history":[{"count":21,"href":"https:\/\/xn--ensearlapatagonia-ixb.com.ar\/sitio\/wp-json\/wp\/v2\/pages\/3501\/revisions"}],"predecessor-version":[{"id":7441,"href":"https:\/\/xn--ensearlapatagonia-ixb.com.ar\/sitio\/wp-json\/wp\/v2\/pages\/3501\/revisions\/7441"}],"wp:featuredmedia":[{"embeddable":true,"href":"https:\/\/xn--ensearlapatagonia-ixb.com.ar\/sitio\/wp-json\/wp\/v2\/media\/6194"}],"wp:attachment":[{"href":"https:\/\/xn--ensearlapatagonia-ixb.com.ar\/sitio\/wp-json\/wp\/v2\/media?parent=3501"}],"curies":[{"name":"wp","href":"https:\/\/api.w.org\/{rel}","templated":true}]}}