{"id":1993,"date":"2016-02-17T21:52:03","date_gmt":"2016-02-17T21:52:03","guid":{"rendered":"https:\/\/xn--ensearlapatagonia-ixb.com.ar\/blog\/?page_id=1993"},"modified":"2025-10-31T00:47:07","modified_gmt":"2025-10-31T03:47:07","slug":"quienes-somos","status":"publish","type":"page","link":"https:\/\/xn--ensearlapatagonia-ixb.com.ar\/sitio\/quienes-somos\/","title":{"rendered":"Qui\u00e9nes somos"},"content":{"rendered":"\t\t<div data-elementor-type=\"wp-page\" data-elementor-id=\"1993\" class=\"elementor elementor-1993\" data-elementor-post-type=\"page\">\n\t\t\t\t<div class=\"elementor-element elementor-element-7254e54f e-flex e-con-boxed e-con e-parent\" data-id=\"7254e54f\" data-element_type=\"container\">\n\t\t\t\t\t<div class=\"e-con-inner\">\n\t\t\t\t<div class=\"elementor-element elementor-element-5c60c603 elementor-widget elementor-widget-text-editor\" data-id=\"5c60c603\" data-element_type=\"widget\" data-widget_type=\"text-editor.default\">\n\t\t\t\t\t\t\t\t\t\n<div class=\"wp-block-group is-layout-flow wp-block-group-is-layout-flow\">\n<h5 class=\"wp-block-heading\">Somos una editorial, producimos y vendemos libros. Si fuera s\u00f3lo eso, ser\u00eda muy sencillo. Pero somos mucho m\u00e1s que una editorial.<\/h5>\n<div class=\"wp-block-columns\">\n<div class=\"wp-block-column\">\n<div class=\"wp-block-column\">\n<p>Editamos libros porque estamos convencidos que es necesaria otra cultura y otra educaci\u00f3n para otra sociedad: por eso reivindicamos la cosmovisi\u00f3n de nuestros pueblos originarios, que nos ubica a los seres humanos como una m\u00e1s entre todas las vidas que habitamos la Tierra.<\/p>\n<p>Por eso defendemos la perspectiva de un \u201cbuen vivir\u201d mucho m\u00e1s cercano a los ciclos de la naturaleza y a la convivencia comunitaria.<br \/>Por eso proponemos repensar esta forma de vivir caracterizada por el consumo de bienes que son perfectamente prescindibles y dominada por la idea de \u201cprogreso\u201d a costa de la depredaci\u00f3n de nuestros bienes naturales comunes.<br \/>Por eso nuestros t\u00edtulos nos invitan a la reflexi\u00f3n, al debate, al pensamiento cr\u00edtico.<br \/>Por eso contamos aquellas historias que fueron negadas, ocultadas, olvidadas.<br \/>Por eso habitamos y escribimos sobre y desde la Patagonia.<\/p>\n<p>Por eso nuestra web ofrece, adem\u00e1s de nuestros libros, una enorme cantidad de materiales que ayudan a reflexionar sobre nuestra realidad, a repensarla y a repensarnos. Que colaboran para ense\u00f1ar la Patagonia desde otra perspectiva.<br \/>Nos proponemos, ser, adem\u00e1s de un sello editorial, un lugar donde nuestras lectoras y lectores encuentren otras ideas, otras propuestas, otros discursos, otros recursos para la ense\u00f1anza.<br \/>Donde nuestras lectoras y lectores puedan buscar y revolver libremente para encontrar otros fundamentos, otras respuestas.<br \/>Nuestros libros y nuestra web buscan lo mismo: revisar el \u201csentido com\u00fan\u201d instalado e invitarnos a pensar que, as\u00ed como hay otra historia, hay otra forma de pensar nuestro presente y proyectar nuestro porvenir.<br \/>Por eso te invitamos a recorrer cada una de sus p\u00e1ginas, cada uno de nuestros videos y nuestros posteos.<\/p>\n<\/div>\n<\/div>\n<\/div>\n<!-- \/wp:columns --><!-- wp:image {\"id\":3834,\"width\":371,\"height\":342,\"sizeSlug\":\"large\",\"align\":\"center\"} -->\n<figure class=\"wp-block-image aligncenter size-large is-resized\"><img fetchpriority=\"high\" decoding=\"async\" width=\"1024\" height=\"943\" class=\"wp-image-3834\" style=\"width: 371px; height: 342px;\" src=\"https:\/\/xn--ensearlapatagonia-ixb.com.ar\/sitio\/wp-content\/uploads\/2020\/09\/pagina-web-quienes-somos-1024x943.jpg\" alt=\"\" srcset=\"https:\/\/xn--ensearlapatagonia-ixb.com.ar\/sitio\/wp-content\/uploads\/2020\/09\/pagina-web-quienes-somos-1024x943.jpg 1024w, https:\/\/xn--ensearlapatagonia-ixb.com.ar\/sitio\/wp-content\/uploads\/2020\/09\/pagina-web-quienes-somos-300x276.jpg 300w, https:\/\/xn--ensearlapatagonia-ixb.com.ar\/sitio\/wp-content\/uploads\/2020\/09\/pagina-web-quienes-somos-768x707.jpg 768w, https:\/\/xn--ensearlapatagonia-ixb.com.ar\/sitio\/wp-content\/uploads\/2020\/09\/pagina-web-quienes-somos-1536x1414.jpg 1536w, https:\/\/xn--ensearlapatagonia-ixb.com.ar\/sitio\/wp-content\/uploads\/2020\/09\/pagina-web-quienes-somos-2048x1885.jpg 2048w, https:\/\/xn--ensearlapatagonia-ixb.com.ar\/sitio\/wp-content\/uploads\/2020\/09\/pagina-web-quienes-somos-600x552.jpg 600w\" sizes=\"(max-width: 1024px) 100vw, 1024px\" \/><\/figure>\n<!-- \/wp:columns --><\/div>\n<!-- \/wp:group -->\t\t\t\t\t\t\t\t<\/div>\n\t\t\t\t\t<\/div>\n\t\t\t\t<\/div>\n\t\t\t\t<\/div>\n\t\t","protected":false},"excerpt":{"rendered":"<p>Somos una editorial, producimos y vendemos libros. Si fuera s\u00f3lo eso, ser\u00eda muy sencillo. Pero somos mucho m\u00e1s que una editorial. Editamos libros porque estamos convencidos que es necesaria otra cultura y otra educaci\u00f3n para otra sociedad: por eso reivindicamos la cosmovisi\u00f3n de nuestros pueblos originarios, que nos ubica a los seres humanos como una [&hellip;]<\/p>\n","protected":false},"author":1,"featured_media":6194,"parent":0,"menu_order":0,"comment_status":"closed","ping_status":"closed","template":"","meta":{"_acf_changed":false,"footnotes":""},"class_list":["post-1993","page","type-page","status-publish","has-post-thumbnail","hentry"],"acf":[],"_links":{"self":[{"href":"https:\/\/xn--ensearlapatagonia-ixb.com.ar\/sitio\/wp-json\/wp\/v2\/pages\/1993","targetHints":{"allow":["GET"]}}],"collection":[{"href":"https:\/\/xn--ensearlapatagonia-ixb.com.ar\/sitio\/wp-json\/wp\/v2\/pages"}],"about":[{"href":"https:\/\/xn--ensearlapatagonia-ixb.com.ar\/sitio\/wp-json\/wp\/v2\/types\/page"}],"author":[{"embeddable":true,"href":"https:\/\/xn--ensearlapatagonia-ixb.com.ar\/sitio\/wp-json\/wp\/v2\/users\/1"}],"replies":[{"embeddable":true,"href":"https:\/\/xn--ensearlapatagonia-ixb.com.ar\/sitio\/wp-json\/wp\/v2\/comments?post=1993"}],"version-history":[{"count":27,"href":"https:\/\/xn--ensearlapatagonia-ixb.com.ar\/sitio\/wp-json\/wp\/v2\/pages\/1993\/revisions"}],"predecessor-version":[{"id":8146,"href":"https:\/\/xn--ensearlapatagonia-ixb.com.ar\/sitio\/wp-json\/wp\/v2\/pages\/1993\/revisions\/8146"}],"wp:featuredmedia":[{"embeddable":true,"href":"https:\/\/xn--ensearlapatagonia-ixb.com.ar\/sitio\/wp-json\/wp\/v2\/media\/6194"}],"wp:attachment":[{"href":"https:\/\/xn--ensearlapatagonia-ixb.com.ar\/sitio\/wp-json\/wp\/v2\/media?parent=1993"}],"curies":[{"name":"wp","href":"https:\/\/api.w.org\/{rel}","templated":true}]}}